{"id":3727,"date":"2018-01-29T13:35:08","date_gmt":"2018-01-29T12:35:08","guid":{"rendered":"http:\/\/www.imusiciveneziani.com\/prodotto\/belcanto-a-venezia\/"},"modified":"2018-09-27T15:59:49","modified_gmt":"2018-09-27T13:59:49","slug":"belcanto-in-venedig","status":"publish","type":"product","link":"https:\/\/www.imusiciveneziani.com\/de\/prodotto\/belcanto-in-venedig\/","title":{"rendered":"Belcanto in Venedig"},"content":{"rendered":"<div class=\"page\" title=\"Page 2\">\n<div class=\"section\">\n<div class=\"layoutArea\">\n<div class=\"column\">\n<p>Das \u201eOrchestra I Musici Veneziani\u201c besteht aus einer sorgf\u00e4ltig abgewogenen Auswahl der begabtesten venezianischen Virtuosen. Auf dieser CD f\u00fchren uns das Orchester und die S\u00e4ngerinnen und S\u00e4nger durch die ber\u00fchmtesten Opernarien.<\/p>\n<p>Die Konzerte von \u201eI Musici Veneziani\u201c, bereichert durch exquisite Kost\u00fcme aus dem 18. Jahrhundert, werden im ber\u00fchmten Hauptsaal der \u201eScuola Grande di San Teodoro\u201c in Rialto aufgef\u00fchrt.<\/p>\n<p>Der wundersch\u00f6ne Saal wurde von Baldassare Longhena entworfen und mit Gem\u00e4lden aus dem 17. und 18. Jahrhundert von Vassilacchi, Jacopo Palma der J\u00fcngere, Balestra und Bassano verziert. Der renommierteste Konzertsaal von Venedig.<\/p>\n<p>&nbsp;<\/p>\n<p><strong>Programm<\/strong><\/p>\n<\/div>\n<p><em>D.CIMAROSA<\/em><br \/>\nSinfonia in Re maggiore per Orchestra (3&#8217;47\u201d)<\/p>\n<p><em>G.ROSSINI<\/em><br \/>\n\u201cItaliana in Algeri\u201d &#8211; \u201cLe femmine d\u2019Italia\u201d per Baritono (2\u201935\u201d)<\/p>\n<p><em>G.B. PERGOLESI<\/em><br \/>\n\u201cLa Serva Padrona\u201d &#8211; \u201cStizzoso mio stizzoso\u201d per Soprano (3\u201953\u201d)<\/p>\n<p><em>G.B. PERGOLESI<\/em><br \/>\n\u201cLa Serva Padrona\u201d &#8211; \u201cLo conosco a quegli occhietti\u201d per Soprano e Baritono (4\u201948\u201d)<\/p>\n<p><em>J.OFFENBACH<\/em><br \/>\n\u201cI Racconti di Hoffman\u201d &#8211; \u201cBarcarola\u201d per Orchestra (2\u201925\u201d)<\/p>\n<p><em>W.A.MOZART<\/em><br \/>\n\u201cDon Giovanni\u201d &#8211; \u201cMadamina, il catalogo \u00e8 questo\u201d per Baritono (5\u201947\u201d)<\/p>\n<p><em>G.ROSSINI<\/em><br \/>\n\u201cIl Turco in Italia\u201d &#8211; \u201cNon si d\u00e0 follia maggiore\u201d per Soprano (3\u201931\u201d)<\/p>\n<p><em>L.BOCCHERINI<\/em><br \/>\n\u201cMinuetto e trio\u201d per Orchestra (3\u201923\u201d)<\/p>\n<p><em>G.DONIZETTI<\/em><br \/>\n\u201cDon Pasquale\u201d &#8211; \u201cQuel guardo il cavaliere\u201d per Soprano (4\u201950\u201d)<\/p>\n<p><em>V.BELLINI<\/em><br \/>\n\u201cLa Sonnambula\u201d &#8211; \u201cVi ravviso o luoghi ameni\u201d per Baritono (3\u201957\u201d)<\/p>\n<p><em>G.VERDI<\/em><br \/>\n\u201cLa Traviata\u201d &#8211; \u201cPreludio al primo atto\u201d per Orchestra (3\u201944\u201d)<\/p>\n<p><em>G.DONIZETTI<\/em><br \/>\n\u201cL\u2019Elisir d\u2019Amore\u201d &#8211; \u201cQuanto amore! ed io spietata\u201d per Soprano e Baritono (5\u201931\u201d)<\/p>\n<\/div>\n<\/div>\n<\/div>\n","protected":false},"excerpt":{"rendered":"<p>Das \u201eOrchestra I Musici Veneziani\u201c besteht aus einer sorgf\u00e4ltig abgewogenen Auswahl der begabtesten venezianischen Virtuosen. Auf dieser CD f\u00fchren uns&#8230;<\/p>\n","protected":false},"featured_media":1189,"template":"","meta":[],"product_cat":[25],"product_tag":[],"acf":[],"yoast_head":"<!-- This site is optimized with the Yoast SEO plugin v21.5 - https:\/\/yoast.com\/wordpress\/plugins\/seo\/ -->\n<title>Belcanto in Venedig | I Musici Veneziani<\/title>\n<meta name=\"description\" content=\"Das \u201eOrchestra I Musici Veneziani\u201c besteht aus einer sorgf\u00e4ltig abgewogenen Auswahl der begabtesten venezianischen Virtuosen. Auf dieser CD f\u00fchren uns das\" \/>\n<meta name=\"robots\" content=\"index, follow, max-snippet:-1, max-image-preview:large, max-video-preview:-1\" \/>\n<link rel=\"canonical\" href=\"https:\/\/www.imusiciveneziani.com\/de\/prodotto\/belcanto-in-venedig\/\" \/>\n<meta property=\"og:locale\" content=\"it_IT\" \/>\n<meta property=\"og:type\" content=\"article\" \/>\n<meta property=\"og:title\" content=\"Belcanto in Venedig | I Musici Veneziani\" \/>\n<meta property=\"og:description\" content=\"Das \u201eOrchestra I Musici Veneziani\u201c besteht aus einer sorgf\u00e4ltig abgewogenen Auswahl der begabtesten venezianischen Virtuosen. Auf dieser CD f\u00fchren uns das\" \/>\n<meta property=\"og:url\" content=\"https:\/\/www.imusiciveneziani.com\/de\/prodotto\/belcanto-in-venedig\/\" \/>\n<meta property=\"og:site_name\" content=\"I Musici Veneziani\" \/>\n<meta property=\"article:modified_time\" content=\"2018-09-27T13:59:49+00:00\" \/>\n<meta property=\"og:image\" content=\"https:\/\/www.imusiciveneziani.com\/wp-content\/uploads\/2018\/01\/belcanto_cd.jpg\" \/>\n\t<meta property=\"og:image:width\" content=\"1419\" \/>\n\t<meta property=\"og:image:height\" content=\"1468\" \/>\n\t<meta property=\"og:image:type\" content=\"image\/jpeg\" \/>\n<meta name=\"twitter:card\" content=\"summary_large_image\" \/>\n<meta name=\"twitter:label1\" content=\"Tempo di lettura stimato\" \/>\n\t<meta name=\"twitter:data1\" content=\"1 minuto\" \/>\n<script type=\"application\/ld+json\" class=\"yoast-schema-graph\">{\"@context\":\"https:\/\/schema.org\",\"@graph\":[{\"@type\":\"WebPage\",\"@id\":\"https:\/\/www.imusiciveneziani.com\/de\/prodotto\/belcanto-in-venedig\/\",\"url\":\"https:\/\/www.imusiciveneziani.com\/de\/prodotto\/belcanto-in-venedig\/\",\"name\":\"Belcanto in Venedig | I Musici Veneziani\",\"isPartOf\":{\"@id\":\"https:\/\/www.imusiciveneziani.com\/#website\"},\"datePublished\":\"2018-01-29T12:35:08+00:00\",\"dateModified\":\"2018-09-27T13:59:49+00:00\",\"description\":\"Das \u201eOrchestra I Musici Veneziani\u201c besteht aus einer sorgf\u00e4ltig abgewogenen Auswahl der begabtesten venezianischen Virtuosen. Auf dieser CD f\u00fchren uns das\",\"breadcrumb\":{\"@id\":\"https:\/\/www.imusiciveneziani.com\/de\/prodotto\/belcanto-in-venedig\/#breadcrumb\"},\"inLanguage\":\"it-IT\",\"potentialAction\":[{\"@type\":\"ReadAction\",\"target\":[\"https:\/\/www.imusiciveneziani.com\/de\/prodotto\/belcanto-in-venedig\/\"]}]},{\"@type\":\"BreadcrumbList\",\"@id\":\"https:\/\/www.imusiciveneziani.com\/de\/prodotto\/belcanto-in-venedig\/#breadcrumb\",\"itemListElement\":[{\"@type\":\"ListItem\",\"position\":1,\"name\":\"Home\",\"item\":\"https:\/\/www.imusiciveneziani.com\/\"},{\"@type\":\"ListItem\",\"position\":2,\"name\":\"Cd\",\"item\":\"https:\/\/www.imusiciveneziani.com\/cd\/\"},{\"@type\":\"ListItem\",\"position\":3,\"name\":\"Belcanto in Venedig\"}]},{\"@type\":\"WebSite\",\"@id\":\"https:\/\/www.imusiciveneziani.com\/#website\",\"url\":\"https:\/\/www.imusiciveneziani.com\/\",\"name\":\"I Musici Veneziani\",\"description\":\"Orchestra e cantanti in costumi del XVIII secolo\",\"publisher\":{\"@id\":\"https:\/\/www.imusiciveneziani.com\/#organization\"},\"potentialAction\":[{\"@type\":\"SearchAction\",\"target\":{\"@type\":\"EntryPoint\",\"urlTemplate\":\"https:\/\/www.imusiciveneziani.com\/?s={search_term_string}\"},\"query-input\":\"required name=search_term_string\"}],\"inLanguage\":\"it-IT\"},{\"@type\":\"Organization\",\"@id\":\"https:\/\/www.imusiciveneziani.com\/#organization\",\"name\":\"I Musici Veneziani\",\"url\":\"https:\/\/www.imusiciveneziani.com\/\",\"logo\":{\"@type\":\"ImageObject\",\"inLanguage\":\"it-IT\",\"@id\":\"https:\/\/www.imusiciveneziani.com\/#\/schema\/logo\/image\/\",\"url\":\"https:\/\/beta.newwave-media.it\/musici\/wp-content\/uploads\/2018\/01\/logo_voucher-2.jpg\",\"contentUrl\":\"https:\/\/beta.newwave-media.it\/musici\/wp-content\/uploads\/2018\/01\/logo_voucher-2.jpg\",\"width\":400,\"height\":200,\"caption\":\"I Musici Veneziani\"},\"image\":{\"@id\":\"https:\/\/www.imusiciveneziani.com\/#\/schema\/logo\/image\/\"}}]}<\/script>\n<!-- \/ Yoast SEO plugin. -->","yoast_head_json":{"title":"Belcanto in Venedig | I Musici Veneziani","description":"Das \u201eOrchestra I Musici Veneziani\u201c besteht aus einer sorgf\u00e4ltig abgewogenen Auswahl der begabtesten venezianischen Virtuosen. Auf dieser CD f\u00fchren uns das","robots":{"index":"index","follow":"follow","max-snippet":"max-snippet:-1","max-image-preview":"max-image-preview:large","max-video-preview":"max-video-preview:-1"},"canonical":"https:\/\/www.imusiciveneziani.com\/de\/prodotto\/belcanto-in-venedig\/","og_locale":"it_IT","og_type":"article","og_title":"Belcanto in Venedig | I Musici Veneziani","og_description":"Das \u201eOrchestra I Musici Veneziani\u201c besteht aus einer sorgf\u00e4ltig abgewogenen Auswahl der begabtesten venezianischen Virtuosen. Auf dieser CD f\u00fchren uns das","og_url":"https:\/\/www.imusiciveneziani.com\/de\/prodotto\/belcanto-in-venedig\/","og_site_name":"I Musici Veneziani","article_modified_time":"2018-09-27T13:59:49+00:00","og_image":[{"width":1419,"height":1468,"url":"https:\/\/www.imusiciveneziani.com\/wp-content\/uploads\/2018\/01\/belcanto_cd.jpg","type":"image\/jpeg"}],"twitter_card":"summary_large_image","twitter_misc":{"Tempo di lettura stimato":"1 minuto"},"schema":{"@context":"https:\/\/schema.org","@graph":[{"@type":"WebPage","@id":"https:\/\/www.imusiciveneziani.com\/de\/prodotto\/belcanto-in-venedig\/","url":"https:\/\/www.imusiciveneziani.com\/de\/prodotto\/belcanto-in-venedig\/","name":"Belcanto in Venedig | I Musici Veneziani","isPartOf":{"@id":"https:\/\/www.imusiciveneziani.com\/#website"},"datePublished":"2018-01-29T12:35:08+00:00","dateModified":"2018-09-27T13:59:49+00:00","description":"Das \u201eOrchestra I Musici Veneziani\u201c besteht aus einer sorgf\u00e4ltig abgewogenen Auswahl der begabtesten venezianischen Virtuosen. Auf dieser CD f\u00fchren uns das","breadcrumb":{"@id":"https:\/\/www.imusiciveneziani.com\/de\/prodotto\/belcanto-in-venedig\/#breadcrumb"},"inLanguage":"it-IT","potentialAction":[{"@type":"ReadAction","target":["https:\/\/www.imusiciveneziani.com\/de\/prodotto\/belcanto-in-venedig\/"]}]},{"@type":"BreadcrumbList","@id":"https:\/\/www.imusiciveneziani.com\/de\/prodotto\/belcanto-in-venedig\/#breadcrumb","itemListElement":[{"@type":"ListItem","position":1,"name":"Home","item":"https:\/\/www.imusiciveneziani.com\/"},{"@type":"ListItem","position":2,"name":"Cd","item":"https:\/\/www.imusiciveneziani.com\/cd\/"},{"@type":"ListItem","position":3,"name":"Belcanto in Venedig"}]},{"@type":"WebSite","@id":"https:\/\/www.imusiciveneziani.com\/#website","url":"https:\/\/www.imusiciveneziani.com\/","name":"I Musici Veneziani","description":"Orchestra e cantanti in costumi del XVIII secolo","publisher":{"@id":"https:\/\/www.imusiciveneziani.com\/#organization"},"potentialAction":[{"@type":"SearchAction","target":{"@type":"EntryPoint","urlTemplate":"https:\/\/www.imusiciveneziani.com\/?s={search_term_string}"},"query-input":"required name=search_term_string"}],"inLanguage":"it-IT"},{"@type":"Organization","@id":"https:\/\/www.imusiciveneziani.com\/#organization","name":"I Musici Veneziani","url":"https:\/\/www.imusiciveneziani.com\/","logo":{"@type":"ImageObject","inLanguage":"it-IT","@id":"https:\/\/www.imusiciveneziani.com\/#\/schema\/logo\/image\/","url":"https:\/\/beta.newwave-media.it\/musici\/wp-content\/uploads\/2018\/01\/logo_voucher-2.jpg","contentUrl":"https:\/\/beta.newwave-media.it\/musici\/wp-content\/uploads\/2018\/01\/logo_voucher-2.jpg","width":400,"height":200,"caption":"I Musici Veneziani"},"image":{"@id":"https:\/\/www.imusiciveneziani.com\/#\/schema\/logo\/image\/"}}]}},"_links":{"self":[{"href":"https:\/\/www.imusiciveneziani.com\/wp-json\/wp\/v2\/product\/3727"}],"collection":[{"href":"https:\/\/www.imusiciveneziani.com\/wp-json\/wp\/v2\/product"}],"about":[{"href":"https:\/\/www.imusiciveneziani.com\/wp-json\/wp\/v2\/types\/product"}],"wp:featuredmedia":[{"embeddable":true,"href":"https:\/\/www.imusiciveneziani.com\/wp-json\/wp\/v2\/media\/1189"}],"wp:attachment":[{"href":"https:\/\/www.imusiciveneziani.com\/wp-json\/wp\/v2\/media?parent=3727"}],"wp:term":[{"taxonomy":"product_cat","embeddable":true,"href":"https:\/\/www.imusiciveneziani.com\/wp-json\/wp\/v2\/product_cat?post=3727"},{"taxonomy":"product_tag","embeddable":true,"href":"https:\/\/www.imusiciveneziani.com\/wp-json\/wp\/v2\/product_tag?post=3727"}],"curies":[{"name":"wp","href":"https:\/\/api.w.org\/{rel}","templated":true}]}}